{"id":9,"date":"2018-07-06T16:22:01","date_gmt":"2018-07-06T16:22:01","guid":{"rendered":"http:\/\/127.0.0.1\/wordpress\/?page_id=9"},"modified":"2018-09-13T16:02:56","modified_gmt":"2018-09-13T16:02:56","slug":"about","status":"publish","type":"page","link":"https:\/\/dioc.pl\/?page_id=9","title":{"rendered":"O projekcie"},"content":{"rendered":"<table>\n<tbody>\n<tr>\n<td width=\"350px\"><img loading=\"lazy\" decoding=\"async\" class=\"alignleft wp-image-253 size-large\" src=\"https:\/\/dioc.pl\/wp-content\/uploads\/2018\/09\/www_filary-1024x1009.png\" alt=\"\" width=\"525\" height=\"517\" srcset=\"https:\/\/dioc.pl\/wp-content\/uploads\/2018\/09\/www_filary-1024x1009.png 1024w, https:\/\/dioc.pl\/wp-content\/uploads\/2018\/09\/www_filary-300x296.png 300w, https:\/\/dioc.pl\/wp-content\/uploads\/2018\/09\/www_filary-768x757.png 768w, https:\/\/dioc.pl\/wp-content\/uploads\/2018\/09\/www_filary.png 1122w\" sizes=\"auto, (max-width: 525px) 100vw, 525px\" \/><\/td>\n<td><img loading=\"lazy\" decoding=\"async\" class=\"aligncenter wp-image-252 size-full\" src=\"https:\/\/dioc.pl\/wp-content\/uploads\/2018\/09\/logotypy_na_www.png\" alt=\"\" width=\"1495\" height=\"214\" srcset=\"https:\/\/dioc.pl\/wp-content\/uploads\/2018\/09\/logotypy_na_www.png 1495w, https:\/\/dioc.pl\/wp-content\/uploads\/2018\/09\/logotypy_na_www-300x43.png 300w, https:\/\/dioc.pl\/wp-content\/uploads\/2018\/09\/logotypy_na_www-768x110.png 768w, https:\/\/dioc.pl\/wp-content\/uploads\/2018\/09\/logotypy_na_www-1024x147.png 1024w\" sizes=\"auto, (max-width: 767px) 89vw, (max-width: 1000px) 54vw, (max-width: 1071px) 543px, 580px\" \/>Koncepcja Drogi Integralnej Odnowy Cz\u0142owieka Via Reginae opiera si\u0119 na psychologicznym \u0107wiczeniu \u201eko\u0142a \u017cycia\u201d, na podstawie kt\u00f3rego wyodr\u0119bnionych zosta\u0142o 7 filar\u00f3w dotycz\u0105cych 7 dziedzin \u017cycia cz\u0142owieka.<br \/>\nW ramach projektu specjali\u015bci odpowiedzialni b\u0119d\u0105 za wsparcie psychoedukacyjne dotycz\u0105ce regeneracji duchowej i psychicznej, budzenia trwa\u0142ych pozytywnych emocji i relacji mi\u0119dzyludzkich, wykorzystywania bogactw przyrody i przestrzeni jako element\u00f3w pobudzaj\u0105cych do poszukiwania siebie, atrakcji przyrodniczych i dziedzictwa kulturowego sprzyjaj\u0105cego prze\u017cywaniu duchowych i mistycznych uniesie\u0144 i wra\u017ce\u0144.<\/td>\n<\/tr>\n<\/tbody>\n<\/table>\n<div id='gallery-1' class='gallery galleryid-9 gallery-columns-2 gallery-size-full'><figure class='gallery-item'>\n\t\t\t<div class='gallery-icon landscape'>\n\t\t\t\t<img loading=\"lazy\" decoding=\"async\" width=\"538\" height=\"346\" src=\"https:\/\/dioc.pl\/wp-content\/uploads\/2018\/09\/www_zd2.png\" class=\"attachment-full size-full\" alt=\"\" aria-describedby=\"gallery-1-260\" srcset=\"https:\/\/dioc.pl\/wp-content\/uploads\/2018\/09\/www_zd2.png 538w, https:\/\/dioc.pl\/wp-content\/uploads\/2018\/09\/www_zd2-300x193.png 300w\" sizes=\"auto, 100vw\" \/>\n\t\t\t<\/div>\n\t\t\t\t<figcaption class='wp-caption-text gallery-caption' id='gallery-1-260'>\n\t\t\t\tJaros\u0142awskie Opactwo\n\t\t\t\t<\/figcaption><\/figure><figure class='gallery-item'>\n\t\t\t<div class='gallery-icon landscape'>\n\t\t\t\t<img loading=\"lazy\" decoding=\"async\" width=\"538\" height=\"346\" src=\"https:\/\/dioc.pl\/wp-content\/uploads\/2018\/09\/www_zd6.png\" class=\"attachment-full size-full\" alt=\"\" aria-describedby=\"gallery-1-264\" srcset=\"https:\/\/dioc.pl\/wp-content\/uploads\/2018\/09\/www_zd6.png 538w, https:\/\/dioc.pl\/wp-content\/uploads\/2018\/09\/www_zd6-300x193.png 300w\" sizes=\"auto, 100vw\" \/>\n\t\t\t<\/div>\n\t\t\t\t<figcaption class='wp-caption-text gallery-caption' id='gallery-1-264'>\n\t\t\t\tSvidnicki Ko\u015bci\u00f3\u0142 Greckokatolicki \u015bw. Paraskievy\n\t\t\t\t<\/figcaption><\/figure><figure class='gallery-item'>\n\t\t\t<div class='gallery-icon landscape'>\n\t\t\t\t<img loading=\"lazy\" decoding=\"async\" width=\"538\" height=\"346\" src=\"https:\/\/dioc.pl\/wp-content\/uploads\/2018\/09\/www_zd1.png\" class=\"attachment-full size-full\" alt=\"\" aria-describedby=\"gallery-1-259\" srcset=\"https:\/\/dioc.pl\/wp-content\/uploads\/2018\/09\/www_zd1.png 538w, https:\/\/dioc.pl\/wp-content\/uploads\/2018\/09\/www_zd1-300x193.png 300w\" sizes=\"auto, 100vw\" \/>\n\t\t\t<\/div>\n\t\t\t\t<figcaption class='wp-caption-text gallery-caption' id='gallery-1-259'>\n\t\t\t\tJaros\u0142awska Kolegiata\n\t\t\t\t<\/figcaption><\/figure><figure class='gallery-item'>\n\t\t\t<div class='gallery-icon landscape'>\n\t\t\t\t<img loading=\"lazy\" decoding=\"async\" width=\"538\" height=\"346\" src=\"https:\/\/dioc.pl\/wp-content\/uploads\/2018\/09\/www_zd7.png\" class=\"attachment-full size-full\" alt=\"\" aria-describedby=\"gallery-1-265\" srcset=\"https:\/\/dioc.pl\/wp-content\/uploads\/2018\/09\/www_zd7.png 538w, https:\/\/dioc.pl\/wp-content\/uploads\/2018\/09\/www_zd7-300x193.png 300w\" sizes=\"auto, 100vw\" \/>\n\t\t\t<\/div>\n\t\t\t\t<figcaption class='wp-caption-text gallery-caption' id='gallery-1-265'>\n\t\t\t\tSvidnicka Cerkiew Prawos\u0142awna pw. \u015aw. Tr\u00f3jcy\n\t\t\t\t<\/figcaption><\/figure><figure class='gallery-item'>\n\t\t\t<div class='gallery-icon landscape'>\n\t\t\t\t<img loading=\"lazy\" decoding=\"async\" width=\"538\" height=\"346\" src=\"https:\/\/dioc.pl\/wp-content\/uploads\/2018\/09\/www_zd5.png\" class=\"attachment-full size-full\" alt=\"\" aria-describedby=\"gallery-1-263\" srcset=\"https:\/\/dioc.pl\/wp-content\/uploads\/2018\/09\/www_zd5.png 538w, https:\/\/dioc.pl\/wp-content\/uploads\/2018\/09\/www_zd5-300x193.png 300w\" sizes=\"auto, 100vw\" \/>\n\t\t\t<\/div>\n\t\t\t\t<figcaption class='wp-caption-text gallery-caption' id='gallery-1-263'>\n\t\t\t\tJaros\u0142awska Cerkiew Grekokatolicka\n\t\t\t\t<\/figcaption><\/figure><figure class='gallery-item'>\n\t\t\t<div class='gallery-icon landscape'>\n\t\t\t\t<img loading=\"lazy\" decoding=\"async\" width=\"538\" height=\"346\" src=\"https:\/\/dioc.pl\/wp-content\/uploads\/2018\/09\/www_zd8.png\" class=\"attachment-full size-full\" alt=\"\" aria-describedby=\"gallery-1-266\" srcset=\"https:\/\/dioc.pl\/wp-content\/uploads\/2018\/09\/www_zd8.png 538w, https:\/\/dioc.pl\/wp-content\/uploads\/2018\/09\/www_zd8-300x193.png 300w\" sizes=\"auto, 100vw\" \/>\n\t\t\t<\/div>\n\t\t\t\t<figcaption class='wp-caption-text gallery-caption' id='gallery-1-266'>\n\t\t\t\tSvidnicki Ko\u015bci\u00f3\u0142 Rzymskokatolicki Naj\u015bwi\u0119tszego Serca Jezusa Chrystusa\n\t\t\t\t<\/figcaption><\/figure><figure class='gallery-item'>\n\t\t\t<div class='gallery-icon landscape'>\n\t\t\t\t<img loading=\"lazy\" decoding=\"async\" width=\"538\" height=\"346\" src=\"https:\/\/dioc.pl\/wp-content\/uploads\/2018\/09\/www_zd3.png\" class=\"attachment-full size-full\" alt=\"\" aria-describedby=\"gallery-1-261\" srcset=\"https:\/\/dioc.pl\/wp-content\/uploads\/2018\/09\/www_zd3.png 538w, https:\/\/dioc.pl\/wp-content\/uploads\/2018\/09\/www_zd3-300x193.png 300w\" sizes=\"auto, 100vw\" \/>\n\t\t\t<\/div>\n\t\t\t\t<figcaption class='wp-caption-text gallery-caption' id='gallery-1-261'>\n\t\t\t\tJaros\u0142awska \u015awi\u0105tynia NMP Kr\u00f3lowej Polski\n\t\t\t\t<\/figcaption><\/figure><figure class='gallery-item'>\n\t\t\t<div class='gallery-icon landscape'>\n\t\t\t\t<img loading=\"lazy\" decoding=\"async\" width=\"538\" height=\"346\" src=\"https:\/\/dioc.pl\/wp-content\/uploads\/2018\/09\/www_zd9.png\" class=\"attachment-full size-full\" alt=\"\" aria-describedby=\"gallery-1-267\" srcset=\"https:\/\/dioc.pl\/wp-content\/uploads\/2018\/09\/www_zd9.png 538w, https:\/\/dioc.pl\/wp-content\/uploads\/2018\/09\/www_zd9-300x193.png 300w\" sizes=\"auto, 100vw\" \/>\n\t\t\t<\/div>\n\t\t\t\t<figcaption class='wp-caption-text gallery-caption' id='gallery-1-267'>\n\t\t\t\tSvidnicki Ko\u015bci\u00f3\u0142 Greckokatolicki pw. Matki Bo\u017cej\n\t\t\t\t<\/figcaption><\/figure><figure class='gallery-item'>\n\t\t\t<div class='gallery-icon landscape'>\n\t\t\t\t<img loading=\"lazy\" decoding=\"async\" width=\"538\" height=\"346\" src=\"https:\/\/dioc.pl\/wp-content\/uploads\/2018\/09\/www_zd4.png\" class=\"attachment-full size-full\" alt=\"\" aria-describedby=\"gallery-1-262\" srcset=\"https:\/\/dioc.pl\/wp-content\/uploads\/2018\/09\/www_zd4.png 538w, https:\/\/dioc.pl\/wp-content\/uploads\/2018\/09\/www_zd4-300x193.png 300w\" sizes=\"auto, 100vw\" \/>\n\t\t\t<\/div>\n\t\t\t\t<figcaption class='wp-caption-text gallery-caption' id='gallery-1-262'>\n\t\t\t\tJaros\u0142awskie Sanktuarium dominika\u0144skie\n\t\t\t\t<\/figcaption><\/figure><figure class='gallery-item'>\n\t\t\t<div class='gallery-icon landscape'>\n\t\t\t\t<img loading=\"lazy\" decoding=\"async\" width=\"538\" height=\"346\" src=\"https:\/\/dioc.pl\/wp-content\/uploads\/2018\/09\/www_zd10.png\" class=\"attachment-full size-full\" alt=\"\" aria-describedby=\"gallery-1-268\" srcset=\"https:\/\/dioc.pl\/wp-content\/uploads\/2018\/09\/www_zd10.png 538w, https:\/\/dioc.pl\/wp-content\/uploads\/2018\/09\/www_zd10-300x193.png 300w\" sizes=\"auto, 100vw\" \/>\n\t\t\t<\/div>\n\t\t\t\t<figcaption class='wp-caption-text gallery-caption' id='gallery-1-268'>\n\t\t\t\tSvidnickie naturalne \u017ar\u00f3d\u0142o mineralne\n\t\t\t\t<\/figcaption><\/figure>\n\t\t<\/div>\n\n","protected":false},"excerpt":{"rendered":"<p>Koncepcja Drogi Integralnej Odnowy Cz\u0142owieka Via Reginae opiera si\u0119 na psychologicznym \u0107wiczeniu \u201eko\u0142a \u017cycia\u201d, na podstawie kt\u00f3rego wyodr\u0119bnionych zosta\u0142o 7 filar\u00f3w dotycz\u0105cych 7 dziedzin \u017cycia cz\u0142owieka. W ramach projektu specjali\u015bci odpowiedzialni b\u0119d\u0105 za wsparcie psychoedukacyjne dotycz\u0105ce regeneracji duchowej i psychicznej, budzenia trwa\u0142ych pozytywnych emocji i relacji mi\u0119dzyludzkich, wykorzystywania bogactw przyrody i przestrzeni jako element\u00f3w pobudzaj\u0105cych &hellip; <\/p>\n<p class=\"link-more\"><a href=\"https:\/\/dioc.pl\/?page_id=9\" class=\"more-link\">Czytaj dalej<span class=\"screen-reader-text\"> O projekcie<\/span><\/a><\/p>\n","protected":false},"author":1,"featured_media":213,"parent":0,"menu_order":0,"comment_status":"closed","ping_status":"closed","template":"","meta":{"_monsterinsights_skip_tracking":false,"_monsterinsights_sitenote_active":false,"_monsterinsights_sitenote_note":"","_monsterinsights_sitenote_category":0,"footnotes":""},"class_list":["post-9","page","type-page","status-publish","has-post-thumbnail","hentry"],"aioseo_notices":[],"_links":{"self":[{"href":"https:\/\/dioc.pl\/index.php?rest_route=\/wp\/v2\/pages\/9","targetHints":{"allow":["GET"]}}],"collection":[{"href":"https:\/\/dioc.pl\/index.php?rest_route=\/wp\/v2\/pages"}],"about":[{"href":"https:\/\/dioc.pl\/index.php?rest_route=\/wp\/v2\/types\/page"}],"author":[{"embeddable":true,"href":"https:\/\/dioc.pl\/index.php?rest_route=\/wp\/v2\/users\/1"}],"replies":[{"embeddable":true,"href":"https:\/\/dioc.pl\/index.php?rest_route=%2Fwp%2Fv2%2Fcomments&post=9"}],"version-history":[{"count":26,"href":"https:\/\/dioc.pl\/index.php?rest_route=\/wp\/v2\/pages\/9\/revisions"}],"predecessor-version":[{"id":336,"href":"https:\/\/dioc.pl\/index.php?rest_route=\/wp\/v2\/pages\/9\/revisions\/336"}],"wp:featuredmedia":[{"embeddable":true,"href":"https:\/\/dioc.pl\/index.php?rest_route=\/wp\/v2\/media\/213"}],"wp:attachment":[{"href":"https:\/\/dioc.pl\/index.php?rest_route=%2Fwp%2Fv2%2Fmedia&parent=9"}],"curies":[{"name":"wp","href":"https:\/\/api.w.org\/{rel}","templated":true}]}}